{"id":559,"date":"2021-05-15T12:59:25","date_gmt":"2021-05-15T10:59:25","guid":{"rendered":"http:\/\/ala-institut.de\/?page_id=559"},"modified":"2022-11-24T11:14:53","modified_gmt":"2022-11-24T10:14:53","slug":"alters-und-alternsfreundliche-arbeitsgestaltung","status":"publish","type":"page","link":"http:\/\/ala-institut.de\/?page_id=559","title":{"rendered":"Alters- und alternsfreundliche Arbeitsgestaltung"},"content":{"rendered":"\n<div class=\"wp-block-columns is-layout-flex wp-container-core-columns-is-layout-1 wp-block-columns-is-layout-flex\">\n<div class=\"wp-block-column is-layout-flow wp-block-column-is-layout-flow\" style=\"flex-basis:33.33%\">\n<figure class=\"wp-block-image size-large\"><img loading=\"lazy\" decoding=\"async\" width=\"860\" height=\"484\" src=\"http:\/\/ala-institut.de\/alawp\/wp-content\/uploads\/2015\/12\/shutterstock_200956202_15p.jpg\" alt=\"\" class=\"wp-image-323\" srcset=\"http:\/\/ala-institut.de\/alawp\/wp-content\/uploads\/2015\/12\/shutterstock_200956202_15p.jpg 860w, http:\/\/ala-institut.de\/alawp\/wp-content\/uploads\/2015\/12\/shutterstock_200956202_15p-300x169.jpg 300w, http:\/\/ala-institut.de\/alawp\/wp-content\/uploads\/2015\/12\/shutterstock_200956202_15p-830x467.jpg 830w, http:\/\/ala-institut.de\/alawp\/wp-content\/uploads\/2015\/12\/shutterstock_200956202_15p-230x129.jpg 230w, http:\/\/ala-institut.de\/alawp\/wp-content\/uploads\/2015\/12\/shutterstock_200956202_15p-350x197.jpg 350w\" sizes=\"(max-width: 860px) 100vw, 860px\" \/><\/figure>\n<\/div>\n\n\n\n<div class=\"wp-block-column is-layout-flow wp-block-column-is-layout-flow\" style=\"flex-basis:66.66%\">\n<p>\u00c4ltere Besch\u00e4ftigte ben\u00f6tigen eine geeignete Arbeitsgestaltung, um lange gesund arbeiten zu k\u00f6nnen. Hierbei werden nicht nur der Bewegungsapparat, sondern auch sensorische und mentale (kognitive) Aspekte in den Blick genommen. Aufgrund von Leistungseinbu\u00dfen bei Sehen, H\u00f6ren und kognitiven Funktionen kann es zu \u00dcberbeanspruchung \u00e4lterer Besch\u00e4ftigter kommen, wenn die Arbeitspl\u00e4tze auf diese Ver\u00e4nderungen keine R\u00fccksicht nehmen. Wichtig zur Erhaltung der Gesundheit v.a. \u00e4lterer Besch\u00e4ftigter ist auch eine alternsfreundliche Arbeitsgestaltung, wie z.B. mental f\u00f6rderliche Arbeit, Pausen und g\u00fcnstige Schichtpl\u00e4ne. All diese Ma\u00dfnahmen n\u00fctzen auch j\u00fcngeren Besch\u00e4ftigten (\u201edesign for all\u201c); die \u00c4lteren weisen nur den Weg zu den richtigen Ma\u00dfnahmen.<\/p>\n\n\n\n<p>Das ALA-Institut ber\u00e4t Unternehmen zu alters- und alternsfreundlicher Arbeitsgestaltung, die auch j\u00fcngeren Besch\u00e4ftigten n\u00fctzt.<\/p>\n<\/div>\n<\/div>\n","protected":false},"excerpt":{"rendered":"<p>\u00c4ltere Besch\u00e4ftigte ben\u00f6tigen eine geeignete Arbeitsgestaltung, um lange gesund arbeiten zu k\u00f6nnen. Hierbei werden nicht nur der Bewegungsapparat, sondern auch sensorische und [&hellip;]<\/p>\n","protected":false},"author":1,"featured_media":0,"parent":0,"menu_order":0,"comment_status":"closed","ping_status":"closed","template":"page-templates\/page_fullwidth.php","meta":{"footnotes":""},"aioseo_notices":[],"_links":{"self":[{"href":"http:\/\/ala-institut.de\/index.php?rest_route=\/wp\/v2\/pages\/559"}],"collection":[{"href":"http:\/\/ala-institut.de\/index.php?rest_route=\/wp\/v2\/pages"}],"about":[{"href":"http:\/\/ala-institut.de\/index.php?rest_route=\/wp\/v2\/types\/page"}],"author":[{"embeddable":true,"href":"http:\/\/ala-institut.de\/index.php?rest_route=\/wp\/v2\/users\/1"}],"replies":[{"embeddable":true,"href":"http:\/\/ala-institut.de\/index.php?rest_route=%2Fwp%2Fv2%2Fcomments&post=559"}],"version-history":[{"count":2,"href":"http:\/\/ala-institut.de\/index.php?rest_route=\/wp\/v2\/pages\/559\/revisions"}],"predecessor-version":[{"id":738,"href":"http:\/\/ala-institut.de\/index.php?rest_route=\/wp\/v2\/pages\/559\/revisions\/738"}],"wp:attachment":[{"href":"http:\/\/ala-institut.de\/index.php?rest_route=%2Fwp%2Fv2%2Fmedia&parent=559"}],"curies":[{"name":"wp","href":"https:\/\/api.w.org\/{rel}","templated":true}]}}